{"id":46427,"date":"2025-05-15T18:16:58","date_gmt":"2025-05-15T16:16:58","guid":{"rendered":"https:\/\/rina.naturopatiadigital.eu\/?page_id=46427"},"modified":"2025-05-20T15:16:07","modified_gmt":"2025-05-20T13:16:07","slug":"foro-cientifica","status":"publish","type":"page","link":"https:\/\/rina.naturopatiadigital.eu\/?page_id=46427","title":{"rendered":"Foro Cient\u00edfico"},"content":{"rendered":"\t\t<div data-elementor-type=\"wp-page\" data-elementor-id=\"46427\" class=\"elementor elementor-46427\">\n\t\t\t\t\t\t\t\t\t<section class=\"elementor-section elementor-top-section elementor-element elementor-element-2bd6ff3 elementor-section-boxed elementor-section-height-default elementor-section-height-default\" data-id=\"2bd6ff3\" data-element_type=\"section\">\n\t\t\t\t\t\t<div class=\"elementor-container elementor-column-gap-default\">\n\t\t\t\t\t<div class=\"elementor-column elementor-col-100 elementor-top-column elementor-element elementor-element-c6cd9f7\" data-id=\"c6cd9f7\" data-element_type=\"column\">\n\t\t\t<div class=\"elementor-widget-wrap elementor-element-populated\">\n\t\t\t\t\t\t\t\t<div class=\"elementor-element elementor-element-8dd4950 elementor-widget elementor-widget-image\" data-id=\"8dd4950\" data-element_type=\"widget\" data-widget_type=\"image.default\">\n\t\t\t\t<div class=\"elementor-widget-container\">\n\t\t\t\t\t\t\t\t\t\t\t\t\t\t\t<img fetchpriority=\"high\" decoding=\"async\" width=\"640\" height=\"448\" src=\"https:\/\/rina.naturopatiadigital.eu\/wp-content\/uploads\/2025\/05\/Captura-de-pantalla-2025-05-15-182028-1024x716.png\" class=\"attachment-large size-large wp-image-46431\" alt=\"\" srcset=\"https:\/\/rina.naturopatiadigital.eu\/wp-content\/uploads\/2025\/05\/Captura-de-pantalla-2025-05-15-182028-1024x716.png 1024w, https:\/\/rina.naturopatiadigital.eu\/wp-content\/uploads\/2025\/05\/Captura-de-pantalla-2025-05-15-182028-300x210.png 300w, https:\/\/rina.naturopatiadigital.eu\/wp-content\/uploads\/2025\/05\/Captura-de-pantalla-2025-05-15-182028-768x537.png 768w, https:\/\/rina.naturopatiadigital.eu\/wp-content\/uploads\/2025\/05\/Captura-de-pantalla-2025-05-15-182028-600x420.png 600w, https:\/\/rina.naturopatiadigital.eu\/wp-content\/uploads\/2025\/05\/Captura-de-pantalla-2025-05-15-182028.png 1114w\" sizes=\"(max-width: 640px) 100vw, 640px\" \/>\t\t\t\t\t\t\t\t\t\t\t\t\t\t\t<\/div>\n\t\t\t\t<\/div>\n\t\t\t\t\t<\/div>\n\t\t<\/div>\n\t\t\t\t\t\t\t<\/div>\n\t\t<\/section>\n\t\t\t\t<section class=\"elementor-section elementor-top-section elementor-element elementor-element-e38a10f elementor-section-boxed elementor-section-height-default elementor-section-height-default\" data-id=\"e38a10f\" data-element_type=\"section\">\n\t\t\t\t\t\t<div class=\"elementor-container elementor-column-gap-default\">\n\t\t\t\t\t<div class=\"elementor-column elementor-col-100 elementor-top-column elementor-element elementor-element-e03820c\" data-id=\"e03820c\" data-element_type=\"column\">\n\t\t\t<div class=\"elementor-widget-wrap elementor-element-populated\">\n\t\t\t\t\t\t\t\t<div class=\"elementor-element elementor-element-3286cb4 elementor-widget elementor-widget-text-editor\" data-id=\"3286cb4\" data-element_type=\"widget\" data-widget_type=\"text-editor.default\">\n\t\t\t\t<div class=\"elementor-widget-container\">\n\t\t\t\t\t\t\t<p><strong>T\u00e9rmino Epigenoma<\/strong><\/p><p>En el marco del Consorcio Internacional del Epigenoma Humano, con el t\u00e9rmino epigenoma se hace referencia a la realizaci\u00f3n de un mapa gen\u00f3mico que abarque las modificaciones epigen\u00e9ticas, es decir, la confecci\u00f3n de un mapa que recoja no solo la secuencia nucleot\u00eddica,\u00a0 sino que plasme la influencia epigen\u00e9tica y la regulaci\u00f3n de \u00e9sta en la expresi\u00f3n g\u00e9nica. Estas marcas hacen referencia principalmente a la metilaci\u00f3n del ADN en los nucle\u00f3tidos con citosina, la modificaci\u00f3n de histonas y sus variantes incorporadas a los nucleosomas (cfr. Egli, Brkhoff y Eggan 2008, Box 1).<\/p><p>Otra definici\u00f3n del t\u00e9rmino no se enfoca ni en las marcas qu\u00edmicas ni a un mapa, sino en la estructura resultante, es decir, en la configuraci\u00f3n bioqu\u00edmica del ADN y la configuraci\u00f3n bioqu\u00edmica y estructural de las fibras de la cromatina que la c\u00e9lula posee en un determinado estadio del desarrollo celular (cfr. G\u00fcell 2013). Esta tercera v\u00eda entiende que la presencia f\u00edsica del genoma (secuencia polinucleot\u00eddica) no se puede entender sin una precisa configuraci\u00f3n estructural y bioqu\u00edmica. Por este motivo, aludir a la configuraci\u00f3n bioqu\u00edmica y espacial con ese t\u00e9rmino ofrece una comprensi\u00f3n levemente distinta a la de mapa en abstracto o al epigenoma como informaci\u00f3n independiente que posee el ADN a modo de marcas \u201cencima del genoma\u201d. Esta tercera v\u00eda se centra el estado f\u00edsico concreto de cada cadena desoxirribonucleica imbricada indisolublemente en una estructura cromat\u00ednica espacialmente situada, estado, ciertamente, causado por la ubicaci\u00f3n de las marcas epigen\u00e9ticas e implicado inapelablemente en la din\u00e1mica de proliferaci\u00f3n y diferenciaci\u00f3n celular con un metabolismo definido.<\/p>\t\t\t\t\t\t<\/div>\n\t\t\t\t<\/div>\n\t\t\t\t\t<\/div>\n\t\t<\/div>\n\t\t\t\t\t\t\t<\/div>\n\t\t<\/section>\n\t\t\t\t<section class=\"elementor-section elementor-top-section elementor-element elementor-element-149450f elementor-section-boxed elementor-section-height-default elementor-section-height-default\" data-id=\"149450f\" data-element_type=\"section\">\n\t\t\t\t\t\t<div class=\"elementor-container elementor-column-gap-default\">\n\t\t\t\t\t<div class=\"elementor-column elementor-col-100 elementor-top-column elementor-element elementor-element-42f6c46\" data-id=\"42f6c46\" data-element_type=\"column\">\n\t\t\t<div class=\"elementor-widget-wrap elementor-element-populated\">\n\t\t\t\t\t\t\t\t<div class=\"elementor-element elementor-element-bd89318 elementor-widget elementor-widget-heading\" data-id=\"bd89318\" data-element_type=\"widget\" data-widget_type=\"heading.default\">\n\t\t\t\t<div class=\"elementor-widget-container\">\n\t\t\t<h2 class=\"elementor-heading-title elementor-size-default\">PROGRAMA<\/h2>\t\t<\/div>\n\t\t\t\t<\/div>\n\t\t\t\t\t<\/div>\n\t\t<\/div>\n\t\t\t\t\t\t\t<\/div>\n\t\t<\/section>\n\t\t\t\t<section class=\"elementor-section elementor-top-section elementor-element elementor-element-b7ea347 elementor-section-boxed elementor-section-height-default elementor-section-height-default\" data-id=\"b7ea347\" data-element_type=\"section\">\n\t\t\t\t\t\t<div class=\"elementor-container elementor-column-gap-default\">\n\t\t\t\t\t<div class=\"elementor-column elementor-col-100 elementor-top-column elementor-element elementor-element-c347485\" data-id=\"c347485\" data-element_type=\"column\">\n\t\t\t<div class=\"elementor-widget-wrap elementor-element-populated\">\n\t\t\t\t\t\t\t\t<div class=\"elementor-element elementor-element-7a0a635 elementor-widget elementor-widget-text-editor\" data-id=\"7a0a635\" data-element_type=\"widget\" data-widget_type=\"text-editor.default\">\n\t\t\t\t<div class=\"elementor-widget-container\">\n\t\t\t\t\t\t\t<p><span style=\"box-sizing: inherit; font-weight: bolder; color: #000000; font-family: Mulish; font-size: 18px;\">10:00-10:30 Presentaci\u00f3n y Bienvenida<\/span><\/p>\t\t\t\t\t\t<\/div>\n\t\t\t\t<\/div>\n\t\t\t\t\t<\/div>\n\t\t<\/div>\n\t\t\t\t\t\t\t<\/div>\n\t\t<\/section>\n\t\t\t\t<section class=\"elementor-section elementor-top-section elementor-element elementor-element-0f189fd elementor-section-boxed elementor-section-height-default elementor-section-height-default\" data-id=\"0f189fd\" data-element_type=\"section\">\n\t\t\t\t\t\t<div class=\"elementor-container elementor-column-gap-default\">\n\t\t\t\t\t<div class=\"elementor-column elementor-col-100 elementor-top-column elementor-element elementor-element-1e5dc99\" data-id=\"1e5dc99\" data-element_type=\"column\">\n\t\t\t<div class=\"elementor-widget-wrap elementor-element-populated\">\n\t\t\t\t\t\t\t\t<div class=\"elementor-element elementor-element-58d63a0 elementor-widget elementor-widget-video\" data-id=\"58d63a0\" data-element_type=\"widget\" data-settings=\"{&quot;youtube_url&quot;:&quot;https:\\\/\\\/youtu.be\\\/_t6qeIVqt8k&quot;,&quot;video_type&quot;:&quot;youtube&quot;,&quot;controls&quot;:&quot;yes&quot;}\" data-widget_type=\"video.default\">\n\t\t\t\t<div class=\"elementor-widget-container\">\n\t\t\t\t\t<div class=\"elementor-wrapper elementor-open-inline\">\n\t\t\t<div class=\"elementor-video\"><\/div>\t\t<\/div>\n\t\t\t\t<\/div>\n\t\t\t\t<\/div>\n\t\t\t\t\t<\/div>\n\t\t<\/div>\n\t\t\t\t\t\t\t<\/div>\n\t\t<\/section>\n\t\t\t\t<section class=\"elementor-section elementor-top-section elementor-element elementor-element-387e1d6 elementor-section-boxed elementor-section-height-default elementor-section-height-default\" data-id=\"387e1d6\" data-element_type=\"section\">\n\t\t\t\t\t\t<div class=\"elementor-container elementor-column-gap-default\">\n\t\t\t\t\t<div class=\"elementor-column elementor-col-100 elementor-top-column elementor-element elementor-element-b7ff1e3\" data-id=\"b7ff1e3\" data-element_type=\"column\">\n\t\t\t<div class=\"elementor-widget-wrap elementor-element-populated\">\n\t\t\t\t\t\t\t\t<div class=\"elementor-element elementor-element-dc175e1 elementor-widget elementor-widget-text-editor\" data-id=\"dc175e1\" data-element_type=\"widget\" data-widget_type=\"text-editor.default\">\n\t\t\t\t<div class=\"elementor-widget-container\">\n\t\t\t\t\t\t\t<p><strong>10:30-11:30 PONENCIA 1:<\/strong>\u00abModelo de Intervenci\u00f3n Naturop\u00e1tica con vitamina C en la biolog\u00eda de las c\u00e9lulas madre y su repercusi\u00f3n en la homeostasis y la epigen\u00e9tica de la matriz extracelular\u00bb, a cargo de Manuel Navarro, Natur\u00f3pata de ESPA\u00d1A, Col. FENACO n. 60.<\/p>\t\t\t\t\t\t<\/div>\n\t\t\t\t<\/div>\n\t\t\t\t\t<\/div>\n\t\t<\/div>\n\t\t\t\t\t\t\t<\/div>\n\t\t<\/section>\n\t\t\t\t<section class=\"elementor-section elementor-top-section elementor-element elementor-element-ad555db elementor-section-boxed elementor-section-height-default elementor-section-height-default\" data-id=\"ad555db\" data-element_type=\"section\">\n\t\t\t\t\t\t<div class=\"elementor-container elementor-column-gap-default\">\n\t\t\t\t\t<div class=\"elementor-column elementor-col-100 elementor-top-column elementor-element elementor-element-a5c7f3e\" data-id=\"a5c7f3e\" data-element_type=\"column\">\n\t\t\t<div class=\"elementor-widget-wrap elementor-element-populated\">\n\t\t\t\t\t\t\t\t<div class=\"elementor-element elementor-element-da89423 elementor-widget elementor-widget-video\" data-id=\"da89423\" data-element_type=\"widget\" data-settings=\"{&quot;youtube_url&quot;:&quot;https:\\\/\\\/youtu.be\\\/_u1Es0aMass&quot;,&quot;video_type&quot;:&quot;youtube&quot;,&quot;controls&quot;:&quot;yes&quot;}\" data-widget_type=\"video.default\">\n\t\t\t\t<div class=\"elementor-widget-container\">\n\t\t\t\t\t<div class=\"elementor-wrapper elementor-open-inline\">\n\t\t\t<div class=\"elementor-video\"><\/div>\t\t<\/div>\n\t\t\t\t<\/div>\n\t\t\t\t<\/div>\n\t\t\t\t\t<\/div>\n\t\t<\/div>\n\t\t\t\t\t\t\t<\/div>\n\t\t<\/section>\n\t\t\t\t<section class=\"elementor-section elementor-top-section elementor-element elementor-element-ff3984a elementor-section-boxed elementor-section-height-default elementor-section-height-default\" data-id=\"ff3984a\" data-element_type=\"section\">\n\t\t\t\t\t\t<div class=\"elementor-container elementor-column-gap-default\">\n\t\t\t\t\t<div class=\"elementor-column elementor-col-100 elementor-top-column elementor-element elementor-element-12dce7d\" data-id=\"12dce7d\" data-element_type=\"column\">\n\t\t\t<div class=\"elementor-widget-wrap elementor-element-populated\">\n\t\t\t\t\t\t\t\t<div class=\"elementor-element elementor-element-93e9c7f elementor-widget elementor-widget-text-editor\" data-id=\"93e9c7f\" data-element_type=\"widget\" data-widget_type=\"text-editor.default\">\n\t\t\t\t<div class=\"elementor-widget-container\">\n\t\t\t\t\t\t\t<p><strong>11:30-12:00 PONENCIA 2:\u00a0<\/strong>\u00abAlargamiento de los tel\u00f3meros mediante Intervenci\u00f3n Naturop\u00e1tica\u00bb, a cargo de Mar\u00eda Jos\u00e9 Sala, Natur\u00f3pata de ESPA\u00d1A, Col. FENACO n. 3178<\/p>\t\t\t\t\t\t<\/div>\n\t\t\t\t<\/div>\n\t\t\t\t\t<\/div>\n\t\t<\/div>\n\t\t\t\t\t\t\t<\/div>\n\t\t<\/section>\n\t\t\t\t<section class=\"elementor-section elementor-top-section elementor-element elementor-element-81e22ae elementor-section-boxed elementor-section-height-default elementor-section-height-default\" data-id=\"81e22ae\" data-element_type=\"section\">\n\t\t\t\t\t\t<div class=\"elementor-container elementor-column-gap-default\">\n\t\t\t\t\t<div class=\"elementor-column elementor-col-100 elementor-top-column elementor-element elementor-element-c31ab0a\" data-id=\"c31ab0a\" data-element_type=\"column\">\n\t\t\t<div class=\"elementor-widget-wrap elementor-element-populated\">\n\t\t\t\t\t\t\t\t<div class=\"elementor-element elementor-element-381860e elementor-widget elementor-widget-video\" data-id=\"381860e\" data-element_type=\"widget\" data-settings=\"{&quot;youtube_url&quot;:&quot;https:\\\/\\\/youtu.be\\\/0m08PRmTotk&quot;,&quot;video_type&quot;:&quot;youtube&quot;,&quot;controls&quot;:&quot;yes&quot;}\" data-widget_type=\"video.default\">\n\t\t\t\t<div class=\"elementor-widget-container\">\n\t\t\t\t\t<div class=\"elementor-wrapper elementor-open-inline\">\n\t\t\t<div class=\"elementor-video\"><\/div>\t\t<\/div>\n\t\t\t\t<\/div>\n\t\t\t\t<\/div>\n\t\t\t\t\t<\/div>\n\t\t<\/div>\n\t\t\t\t\t\t\t<\/div>\n\t\t<\/section>\n\t\t\t\t<section class=\"elementor-section elementor-top-section elementor-element elementor-element-983a3e6 elementor-section-boxed elementor-section-height-default elementor-section-height-default\" data-id=\"983a3e6\" data-element_type=\"section\">\n\t\t\t\t\t\t<div class=\"elementor-container elementor-column-gap-default\">\n\t\t\t\t\t<div class=\"elementor-column elementor-col-100 elementor-top-column elementor-element elementor-element-3d57688\" data-id=\"3d57688\" data-element_type=\"column\">\n\t\t\t<div class=\"elementor-widget-wrap elementor-element-populated\">\n\t\t\t\t\t\t\t\t<div class=\"elementor-element elementor-element-003452e elementor-widget elementor-widget-text-editor\" data-id=\"003452e\" data-element_type=\"widget\" data-widget_type=\"text-editor.default\">\n\t\t\t\t<div class=\"elementor-widget-container\">\n\t\t\t\t\t\t\t<p><strong>12:00-12:30 PONENCIA 3:\u00a0<\/strong>\u00abEstimulaci\u00f3n de la Autofagia mediante Intervenci\u00f3n Naturop\u00e1tica\u00bb, a cargo de Gema Pinazo, Natur\u00f3pata de ESPA\u00d1A, Col. FENACO n. 3703<\/p>\t\t\t\t\t\t<\/div>\n\t\t\t\t<\/div>\n\t\t\t\t\t<\/div>\n\t\t<\/div>\n\t\t\t\t\t\t\t<\/div>\n\t\t<\/section>\n\t\t\t\t<section class=\"elementor-section elementor-top-section elementor-element elementor-element-a3b8a95 elementor-section-boxed elementor-section-height-default elementor-section-height-default\" data-id=\"a3b8a95\" data-element_type=\"section\">\n\t\t\t\t\t\t<div class=\"elementor-container elementor-column-gap-default\">\n\t\t\t\t\t<div class=\"elementor-column elementor-col-100 elementor-top-column elementor-element elementor-element-04a5f17\" data-id=\"04a5f17\" data-element_type=\"column\">\n\t\t\t<div class=\"elementor-widget-wrap elementor-element-populated\">\n\t\t\t\t\t\t\t\t<div class=\"elementor-element elementor-element-c0312ec elementor-widget elementor-widget-video\" data-id=\"c0312ec\" data-element_type=\"widget\" data-settings=\"{&quot;youtube_url&quot;:&quot;https:\\\/\\\/youtu.be\\\/v0AIXZhd__0&quot;,&quot;video_type&quot;:&quot;youtube&quot;,&quot;controls&quot;:&quot;yes&quot;}\" data-widget_type=\"video.default\">\n\t\t\t\t<div class=\"elementor-widget-container\">\n\t\t\t\t\t<div class=\"elementor-wrapper elementor-open-inline\">\n\t\t\t<div class=\"elementor-video\"><\/div>\t\t<\/div>\n\t\t\t\t<\/div>\n\t\t\t\t<\/div>\n\t\t\t\t\t<\/div>\n\t\t<\/div>\n\t\t\t\t\t\t\t<\/div>\n\t\t<\/section>\n\t\t\t\t<section class=\"elementor-section elementor-top-section elementor-element elementor-element-caac7d3 elementor-section-boxed elementor-section-height-default elementor-section-height-default\" data-id=\"caac7d3\" data-element_type=\"section\">\n\t\t\t\t\t\t<div class=\"elementor-container elementor-column-gap-default\">\n\t\t\t\t\t<div class=\"elementor-column elementor-col-100 elementor-top-column elementor-element elementor-element-7a494be\" data-id=\"7a494be\" data-element_type=\"column\">\n\t\t\t<div class=\"elementor-widget-wrap elementor-element-populated\">\n\t\t\t\t\t\t\t\t<div class=\"elementor-element elementor-element-e2d8728 elementor-widget elementor-widget-text-editor\" data-id=\"e2d8728\" data-element_type=\"widget\" data-widget_type=\"text-editor.default\">\n\t\t\t\t<div class=\"elementor-widget-container\">\n\t\t\t\t\t\t\t<p><strong>12:30-13:00 PONENCIA 4:\u00a0<\/strong>\u00abNaturopat\u00eda Psicof\u00edsica: Los efectos del estr\u00e9s y la meditaci\u00f3n sobre el Sistema Inmunol\u00f3gico y la Epigen\u00e9tica\u00bb, a cargo de Isabel Yost, Natur\u00f3pata de URUGUAY \u00abEstimulaci\u00f3n de la Autofagia mediante Intervenci\u00f3n Naturop\u00e1tica\u00bb, a cargo de Gema Pinazo, Natur\u00f3pata de ESPA\u00d1A, Col. FENACO n. 3703<\/p>\t\t\t\t\t\t<\/div>\n\t\t\t\t<\/div>\n\t\t\t\t\t<\/div>\n\t\t<\/div>\n\t\t\t\t\t\t\t<\/div>\n\t\t<\/section>\n\t\t\t\t<section class=\"elementor-section elementor-top-section elementor-element elementor-element-5e1eb1f elementor-section-boxed elementor-section-height-default elementor-section-height-default\" data-id=\"5e1eb1f\" data-element_type=\"section\">\n\t\t\t\t\t\t<div class=\"elementor-container elementor-column-gap-default\">\n\t\t\t\t\t<div class=\"elementor-column elementor-col-100 elementor-top-column elementor-element elementor-element-0ea4dc0\" data-id=\"0ea4dc0\" data-element_type=\"column\">\n\t\t\t<div class=\"elementor-widget-wrap elementor-element-populated\">\n\t\t\t\t\t\t\t\t<div class=\"elementor-element elementor-element-05855ea elementor-widget elementor-widget-video\" data-id=\"05855ea\" data-element_type=\"widget\" data-settings=\"{&quot;youtube_url&quot;:&quot;https:\\\/\\\/youtu.be\\\/Jt_HoAJqUw0&quot;,&quot;video_type&quot;:&quot;youtube&quot;,&quot;controls&quot;:&quot;yes&quot;}\" data-widget_type=\"video.default\">\n\t\t\t\t<div class=\"elementor-widget-container\">\n\t\t\t\t\t<div class=\"elementor-wrapper elementor-open-inline\">\n\t\t\t<div class=\"elementor-video\"><\/div>\t\t<\/div>\n\t\t\t\t<\/div>\n\t\t\t\t<\/div>\n\t\t\t\t\t<\/div>\n\t\t<\/div>\n\t\t\t\t\t\t\t<\/div>\n\t\t<\/section>\n\t\t\t\t<section class=\"elementor-section elementor-top-section elementor-element elementor-element-59e8407 elementor-section-boxed elementor-section-height-default elementor-section-height-default\" data-id=\"59e8407\" data-element_type=\"section\">\n\t\t\t\t\t\t<div class=\"elementor-container elementor-column-gap-default\">\n\t\t\t\t\t<div class=\"elementor-column elementor-col-100 elementor-top-column elementor-element elementor-element-c765bd4\" data-id=\"c765bd4\" data-element_type=\"column\">\n\t\t\t<div class=\"elementor-widget-wrap elementor-element-populated\">\n\t\t\t\t\t\t\t\t<div class=\"elementor-element elementor-element-ecc2349 elementor-widget elementor-widget-text-editor\" data-id=\"ecc2349\" data-element_type=\"widget\" data-widget_type=\"text-editor.default\">\n\t\t\t\t<div class=\"elementor-widget-container\">\n\t\t\t\t\t\t\t<p><strong>13:00-17:00 DESCANSO<\/strong><\/p><p><strong>17:00-17:30 PONENCIA 5:\u00a0<\/strong>\u00abUso de polifenoles como propuesta Naturop\u00e1tica en la epigen\u00e9tica de sinucleinopat\u00edas\u00bb, a cargo de Betzaida V\u00e1squez, de EL SALVADOR, Natur\u00f3pata graduada, Colegiada FENACO.<\/p>\t\t\t\t\t\t<\/div>\n\t\t\t\t<\/div>\n\t\t\t\t\t<\/div>\n\t\t<\/div>\n\t\t\t\t\t\t\t<\/div>\n\t\t<\/section>\n\t\t\t\t<section class=\"elementor-section elementor-top-section elementor-element elementor-element-e8d1cfb elementor-section-boxed elementor-section-height-default elementor-section-height-default\" data-id=\"e8d1cfb\" data-element_type=\"section\">\n\t\t\t\t\t\t<div class=\"elementor-container elementor-column-gap-default\">\n\t\t\t\t\t<div class=\"elementor-column elementor-col-100 elementor-top-column elementor-element elementor-element-5e22c87\" data-id=\"5e22c87\" data-element_type=\"column\">\n\t\t\t<div class=\"elementor-widget-wrap elementor-element-populated\">\n\t\t\t\t\t\t\t\t<div class=\"elementor-element elementor-element-054c736 elementor-widget elementor-widget-video\" data-id=\"054c736\" data-element_type=\"widget\" data-settings=\"{&quot;youtube_url&quot;:&quot;https:\\\/\\\/youtu.be\\\/PJQ5zYCx-YY&quot;,&quot;video_type&quot;:&quot;youtube&quot;,&quot;controls&quot;:&quot;yes&quot;}\" data-widget_type=\"video.default\">\n\t\t\t\t<div class=\"elementor-widget-container\">\n\t\t\t\t\t<div class=\"elementor-wrapper elementor-open-inline\">\n\t\t\t<div class=\"elementor-video\"><\/div>\t\t<\/div>\n\t\t\t\t<\/div>\n\t\t\t\t<\/div>\n\t\t\t\t\t<\/div>\n\t\t<\/div>\n\t\t\t\t\t\t\t<\/div>\n\t\t<\/section>\n\t\t\t\t<section class=\"elementor-section elementor-top-section elementor-element elementor-element-17cf223 elementor-section-boxed elementor-section-height-default elementor-section-height-default\" data-id=\"17cf223\" data-element_type=\"section\">\n\t\t\t\t\t\t<div class=\"elementor-container elementor-column-gap-default\">\n\t\t\t\t\t<div class=\"elementor-column elementor-col-100 elementor-top-column elementor-element elementor-element-f471dd2\" data-id=\"f471dd2\" data-element_type=\"column\">\n\t\t\t<div class=\"elementor-widget-wrap elementor-element-populated\">\n\t\t\t\t\t\t\t\t<div class=\"elementor-element elementor-element-3afd6a2 elementor-widget elementor-widget-text-editor\" data-id=\"3afd6a2\" data-element_type=\"widget\" data-widget_type=\"text-editor.default\">\n\t\t\t\t<div class=\"elementor-widget-container\">\n\t\t\t\t\t\t\t<p><strong>17:30-18:00 PONENCIA 6:\u00a0<\/strong>\u00abLa curcumina como modulador epigen\u00e9tico de la metilaci\u00f3n del ADN en el Alzheimer. Implicaciones en la pr\u00e1ctica Naturop\u00e1tica\u00bb, a cargo de Eugenia Reboll, Natur\u00f3pata de VENEZUELA.<\/p>\t\t\t\t\t\t<\/div>\n\t\t\t\t<\/div>\n\t\t\t\t\t<\/div>\n\t\t<\/div>\n\t\t\t\t\t\t\t<\/div>\n\t\t<\/section>\n\t\t\t\t<section class=\"elementor-section elementor-top-section elementor-element elementor-element-a78fe9f elementor-section-boxed elementor-section-height-default elementor-section-height-default\" data-id=\"a78fe9f\" data-element_type=\"section\">\n\t\t\t\t\t\t<div class=\"elementor-container elementor-column-gap-default\">\n\t\t\t\t\t<div class=\"elementor-column elementor-col-100 elementor-top-column elementor-element elementor-element-b4f565c\" data-id=\"b4f565c\" data-element_type=\"column\">\n\t\t\t<div class=\"elementor-widget-wrap elementor-element-populated\">\n\t\t\t\t\t\t\t\t<div class=\"elementor-element elementor-element-273c746 elementor-widget elementor-widget-video\" data-id=\"273c746\" data-element_type=\"widget\" data-settings=\"{&quot;youtube_url&quot;:&quot;https:\\\/\\\/youtu.be\\\/-_BAm1ADCBU&quot;,&quot;video_type&quot;:&quot;youtube&quot;,&quot;controls&quot;:&quot;yes&quot;}\" data-widget_type=\"video.default\">\n\t\t\t\t<div class=\"elementor-widget-container\">\n\t\t\t\t\t<div class=\"elementor-wrapper elementor-open-inline\">\n\t\t\t<div class=\"elementor-video\"><\/div>\t\t<\/div>\n\t\t\t\t<\/div>\n\t\t\t\t<\/div>\n\t\t\t\t\t<\/div>\n\t\t<\/div>\n\t\t\t\t\t\t\t<\/div>\n\t\t<\/section>\n\t\t\t\t<section class=\"elementor-section elementor-top-section elementor-element elementor-element-1a33fd0 elementor-section-boxed elementor-section-height-default elementor-section-height-default\" data-id=\"1a33fd0\" data-element_type=\"section\">\n\t\t\t\t\t\t<div class=\"elementor-container elementor-column-gap-default\">\n\t\t\t\t\t<div class=\"elementor-column elementor-col-100 elementor-top-column elementor-element elementor-element-6b615f6\" data-id=\"6b615f6\" data-element_type=\"column\">\n\t\t\t<div class=\"elementor-widget-wrap elementor-element-populated\">\n\t\t\t\t\t\t\t\t<div class=\"elementor-element elementor-element-a5febb6 elementor-widget elementor-widget-text-editor\" data-id=\"a5febb6\" data-element_type=\"widget\" data-widget_type=\"text-editor.default\">\n\t\t\t\t<div class=\"elementor-widget-container\">\n\t\t\t\t\t\t\t<p><strong>18:00-18:30 PONENCIA 7:\u00a0<\/strong>\u00abAbordaje Naturop\u00e1tico mediante an\u00e1logos de la taurina para la atenuaci\u00f3n del da\u00f1o oxidativo persistente en el ADN por 8-Oxiguanina\u00bb, a cargo de Mart\u00ed Castell\u00f3, Natur\u00f3pata de ESPA\u00d1A, Col. FENACO n. 2597<\/p><p><strong>18:30-19:00 MESA REDONDA:\u00a0<\/strong>\u00abEpigen\u00e9tica e Intervenci\u00f3n Naturop\u00e1tica\u00bb<\/p>\t\t\t\t\t\t<\/div>\n\t\t\t\t<\/div>\n\t\t\t\t\t<\/div>\n\t\t<\/div>\n\t\t\t\t\t\t\t<\/div>\n\t\t<\/section>\n\t\t\t\t<section class=\"elementor-section elementor-top-section elementor-element elementor-element-b7f7e04 elementor-section-boxed elementor-section-height-default elementor-section-height-default\" data-id=\"b7f7e04\" data-element_type=\"section\">\n\t\t\t\t\t\t<div class=\"elementor-container elementor-column-gap-default\">\n\t\t\t\t\t<div class=\"elementor-column elementor-col-100 elementor-top-column elementor-element elementor-element-77e82cd\" data-id=\"77e82cd\" data-element_type=\"column\">\n\t\t\t<div class=\"elementor-widget-wrap elementor-element-populated\">\n\t\t\t\t\t\t\t\t<div class=\"elementor-element elementor-element-14ac41a elementor-widget elementor-widget-video\" data-id=\"14ac41a\" data-element_type=\"widget\" data-settings=\"{&quot;youtube_url&quot;:&quot;https:\\\/\\\/youtu.be\\\/P82dzUW2hD0&quot;,&quot;video_type&quot;:&quot;youtube&quot;,&quot;controls&quot;:&quot;yes&quot;}\" data-widget_type=\"video.default\">\n\t\t\t\t<div class=\"elementor-widget-container\">\n\t\t\t\t\t<div class=\"elementor-wrapper elementor-open-inline\">\n\t\t\t<div class=\"elementor-video\"><\/div>\t\t<\/div>\n\t\t\t\t<\/div>\n\t\t\t\t<\/div>\n\t\t\t\t\t<\/div>\n\t\t<\/div>\n\t\t\t\t\t\t\t<\/div>\n\t\t<\/section>\n\t\t\t\t\t\t\t<\/div>\n\t\t","protected":false},"excerpt":{"rendered":"<p>T\u00e9rmino Epigenoma En el marco del Consorcio Internacional del Epigenoma Humano, con el t\u00e9rmino epigenoma se hace referencia a la realizaci\u00f3n de un mapa gen\u00f3mico que abarque las modificaciones epigen\u00e9ticas, es decir, la confecci\u00f3n de un mapa que recoja no solo la secuencia nucleot\u00eddica,\u00a0 sino que plasme la influencia epigen\u00e9tica y la regulaci\u00f3n de \u00e9sta [&hellip;]<\/p>\n","protected":false},"author":1,"featured_media":0,"parent":46474,"menu_order":0,"comment_status":"closed","ping_status":"closed","template":"","meta":{"footnotes":""},"class_list":["post-46427","page","type-page","status-publish","hentry"],"yoast_head":"<!-- This site is optimized with the Yoast SEO plugin v21.8 - https:\/\/yoast.com\/wordpress\/plugins\/seo\/ -->\n<title>Foro Cient\u00edfico -<\/title>\n<meta name=\"robots\" content=\"index, follow, max-snippet:-1, max-image-preview:large, max-video-preview:-1\" \/>\n<link rel=\"canonical\" href=\"https:\/\/rina.naturopatiadigital.eu\/?page_id=46427\" \/>\n<meta property=\"og:locale\" content=\"es_ES\" \/>\n<meta property=\"og:type\" content=\"article\" \/>\n<meta property=\"og:title\" content=\"Foro Cient\u00edfico -\" \/>\n<meta property=\"og:description\" content=\"T\u00e9rmino Epigenoma En el marco del Consorcio Internacional del Epigenoma Humano, con el t\u00e9rmino epigenoma se hace referencia a la realizaci\u00f3n de un mapa gen\u00f3mico que abarque las modificaciones epigen\u00e9ticas, es decir, la confecci\u00f3n de un mapa que recoja no solo la secuencia nucleot\u00eddica,\u00a0 sino que plasme la influencia epigen\u00e9tica y la regulaci\u00f3n de \u00e9sta [&hellip;]\" \/>\n<meta property=\"og:url\" content=\"https:\/\/rina.naturopatiadigital.eu\/?page_id=46427\" \/>\n<meta property=\"article:modified_time\" content=\"2025-05-20T13:16:07+00:00\" \/>\n<meta property=\"og:image\" content=\"https:\/\/rina.naturopatiadigital.eu\/wp-content\/uploads\/2025\/05\/Captura-de-pantalla-2025-05-15-182028-1024x716.png\" \/>\n<meta name=\"twitter:card\" content=\"summary_large_image\" \/>\n<meta name=\"twitter:label1\" content=\"Tiempo de lectura\" \/>\n\t<meta name=\"twitter:data1\" content=\"3 minutos\" \/>\n<script type=\"application\/ld+json\" class=\"yoast-schema-graph\">{\"@context\":\"https:\/\/schema.org\",\"@graph\":[{\"@type\":\"WebPage\",\"@id\":\"https:\/\/rina.naturopatiadigital.eu\/?page_id=46427\",\"url\":\"https:\/\/rina.naturopatiadigital.eu\/?page_id=46427\",\"name\":\"Foro Cient\u00edfico -\",\"isPartOf\":{\"@id\":\"https:\/\/rina.naturopatiadigital.eu\/#website\"},\"datePublished\":\"2025-05-15T16:16:58+00:00\",\"dateModified\":\"2025-05-20T13:16:07+00:00\",\"breadcrumb\":{\"@id\":\"https:\/\/rina.naturopatiadigital.eu\/?page_id=46427#breadcrumb\"},\"inLanguage\":\"es\",\"potentialAction\":[{\"@type\":\"ReadAction\",\"target\":[\"https:\/\/rina.naturopatiadigital.eu\/?page_id=46427\"]}]},{\"@type\":\"BreadcrumbList\",\"@id\":\"https:\/\/rina.naturopatiadigital.eu\/?page_id=46427#breadcrumb\",\"itemListElement\":[{\"@type\":\"ListItem\",\"position\":1,\"name\":\"Home\",\"item\":\"https:\/\/rina.naturopatiadigital.eu\/\"},{\"@type\":\"ListItem\",\"position\":2,\"name\":\"Jornadas\",\"item\":\"https:\/\/rina.naturopatiadigital.eu\/?page_id=46474\"},{\"@type\":\"ListItem\",\"position\":3,\"name\":\"Foro Cient\u00edfico\"}]},{\"@type\":\"WebSite\",\"@id\":\"https:\/\/rina.naturopatiadigital.eu\/#website\",\"url\":\"https:\/\/rina.naturopatiadigital.eu\/\",\"name\":\"\",\"description\":\"Red Investigaci\u00f3n Naturop\u00e1tica\",\"publisher\":{\"@id\":\"https:\/\/rina.naturopatiadigital.eu\/#organization\"},\"potentialAction\":[{\"@type\":\"SearchAction\",\"target\":{\"@type\":\"EntryPoint\",\"urlTemplate\":\"https:\/\/rina.naturopatiadigital.eu\/?s={search_term_string}\"},\"query-input\":\"required name=search_term_string\"}],\"inLanguage\":\"es\"},{\"@type\":\"Organization\",\"@id\":\"https:\/\/rina.naturopatiadigital.eu\/#organization\",\"name\":\"Organizaci\u00f3n Colegial Naturop\u00e1tica\",\"url\":\"https:\/\/rina.naturopatiadigital.eu\/\",\"logo\":{\"@type\":\"ImageObject\",\"inLanguage\":\"es\",\"@id\":\"https:\/\/rina.naturopatiadigital.eu\/#\/schema\/logo\/image\/\",\"url\":\"https:\/\/RevistaEspa\u00f1oladeNaturopatia.naturopatiadigital.eu\/wp-content\/uploads\/2020\/11\/logo2.jpg\",\"contentUrl\":\"https:\/\/RevistaEspa\u00f1oladeNaturopatia.naturopatiadigital.eu\/wp-content\/uploads\/2020\/11\/logo2.jpg\",\"width\":960,\"height\":960,\"caption\":\"Organizaci\u00f3n Colegial Naturop\u00e1tica\"},\"image\":{\"@id\":\"https:\/\/rina.naturopatiadigital.eu\/#\/schema\/logo\/image\/\"}}]}<\/script>\n<!-- \/ Yoast SEO plugin. -->","yoast_head_json":{"title":"Foro Cient\u00edfico -","robots":{"index":"index","follow":"follow","max-snippet":"max-snippet:-1","max-image-preview":"max-image-preview:large","max-video-preview":"max-video-preview:-1"},"canonical":"https:\/\/rina.naturopatiadigital.eu\/?page_id=46427","og_locale":"es_ES","og_type":"article","og_title":"Foro Cient\u00edfico -","og_description":"T\u00e9rmino Epigenoma En el marco del Consorcio Internacional del Epigenoma Humano, con el t\u00e9rmino epigenoma se hace referencia a la realizaci\u00f3n de un mapa gen\u00f3mico que abarque las modificaciones epigen\u00e9ticas, es decir, la confecci\u00f3n de un mapa que recoja no solo la secuencia nucleot\u00eddica,\u00a0 sino que plasme la influencia epigen\u00e9tica y la regulaci\u00f3n de \u00e9sta [&hellip;]","og_url":"https:\/\/rina.naturopatiadigital.eu\/?page_id=46427","article_modified_time":"2025-05-20T13:16:07+00:00","og_image":[{"url":"https:\/\/rina.naturopatiadigital.eu\/wp-content\/uploads\/2025\/05\/Captura-de-pantalla-2025-05-15-182028-1024x716.png"}],"twitter_card":"summary_large_image","twitter_misc":{"Tiempo de lectura":"3 minutos"},"schema":{"@context":"https:\/\/schema.org","@graph":[{"@type":"WebPage","@id":"https:\/\/rina.naturopatiadigital.eu\/?page_id=46427","url":"https:\/\/rina.naturopatiadigital.eu\/?page_id=46427","name":"Foro Cient\u00edfico -","isPartOf":{"@id":"https:\/\/rina.naturopatiadigital.eu\/#website"},"datePublished":"2025-05-15T16:16:58+00:00","dateModified":"2025-05-20T13:16:07+00:00","breadcrumb":{"@id":"https:\/\/rina.naturopatiadigital.eu\/?page_id=46427#breadcrumb"},"inLanguage":"es","potentialAction":[{"@type":"ReadAction","target":["https:\/\/rina.naturopatiadigital.eu\/?page_id=46427"]}]},{"@type":"BreadcrumbList","@id":"https:\/\/rina.naturopatiadigital.eu\/?page_id=46427#breadcrumb","itemListElement":[{"@type":"ListItem","position":1,"name":"Home","item":"https:\/\/rina.naturopatiadigital.eu\/"},{"@type":"ListItem","position":2,"name":"Jornadas","item":"https:\/\/rina.naturopatiadigital.eu\/?page_id=46474"},{"@type":"ListItem","position":3,"name":"Foro Cient\u00edfico"}]},{"@type":"WebSite","@id":"https:\/\/rina.naturopatiadigital.eu\/#website","url":"https:\/\/rina.naturopatiadigital.eu\/","name":"","description":"Red Investigaci\u00f3n Naturop\u00e1tica","publisher":{"@id":"https:\/\/rina.naturopatiadigital.eu\/#organization"},"potentialAction":[{"@type":"SearchAction","target":{"@type":"EntryPoint","urlTemplate":"https:\/\/rina.naturopatiadigital.eu\/?s={search_term_string}"},"query-input":"required name=search_term_string"}],"inLanguage":"es"},{"@type":"Organization","@id":"https:\/\/rina.naturopatiadigital.eu\/#organization","name":"Organizaci\u00f3n Colegial Naturop\u00e1tica","url":"https:\/\/rina.naturopatiadigital.eu\/","logo":{"@type":"ImageObject","inLanguage":"es","@id":"https:\/\/rina.naturopatiadigital.eu\/#\/schema\/logo\/image\/","url":"https:\/\/RevistaEspa\u00f1oladeNaturopatia.naturopatiadigital.eu\/wp-content\/uploads\/2020\/11\/logo2.jpg","contentUrl":"https:\/\/RevistaEspa\u00f1oladeNaturopatia.naturopatiadigital.eu\/wp-content\/uploads\/2020\/11\/logo2.jpg","width":960,"height":960,"caption":"Organizaci\u00f3n Colegial Naturop\u00e1tica"},"image":{"@id":"https:\/\/rina.naturopatiadigital.eu\/#\/schema\/logo\/image\/"}}]}},"_links":{"self":[{"href":"https:\/\/rina.naturopatiadigital.eu\/index.php?rest_route=\/wp\/v2\/pages\/46427","targetHints":{"allow":["GET"]}}],"collection":[{"href":"https:\/\/rina.naturopatiadigital.eu\/index.php?rest_route=\/wp\/v2\/pages"}],"about":[{"href":"https:\/\/rina.naturopatiadigital.eu\/index.php?rest_route=\/wp\/v2\/types\/page"}],"author":[{"embeddable":true,"href":"https:\/\/rina.naturopatiadigital.eu\/index.php?rest_route=\/wp\/v2\/users\/1"}],"replies":[{"embeddable":true,"href":"https:\/\/rina.naturopatiadigital.eu\/index.php?rest_route=%2Fwp%2Fv2%2Fcomments&post=46427"}],"version-history":[{"count":29,"href":"https:\/\/rina.naturopatiadigital.eu\/index.php?rest_route=\/wp\/v2\/pages\/46427\/revisions"}],"predecessor-version":[{"id":46462,"href":"https:\/\/rina.naturopatiadigital.eu\/index.php?rest_route=\/wp\/v2\/pages\/46427\/revisions\/46462"}],"up":[{"embeddable":true,"href":"https:\/\/rina.naturopatiadigital.eu\/index.php?rest_route=\/wp\/v2\/pages\/46474"}],"wp:attachment":[{"href":"https:\/\/rina.naturopatiadigital.eu\/index.php?rest_route=%2Fwp%2Fv2%2Fmedia&parent=46427"}],"curies":[{"name":"wp","href":"https:\/\/api.w.org\/{rel}","templated":true}]}}